{"id":418,"date":"2019-11-15T09:43:10","date_gmt":"2019-11-15T09:43:10","guid":{"rendered":"https:\/\/www.verbier4all.ch\/about\/"},"modified":"2025-12-15T15:48:31","modified_gmt":"2025-12-15T15:48:31","slug":"association","status":"publish","type":"page","link":"https:\/\/www.verbier4all.ch\/en\/association\/","title":{"rendered":"Association"},"content":{"rendered":"<p>[et_pb_section fb_built=&#8221;1&#8243; _builder_version=&#8221;4.27.5&#8243; _module_preset=&#8221;default&#8221; custom_margin=&#8221;0px||||false|false&#8221; custom_padding=&#8221;0px||||false|false&#8221; global_colors_info=&#8221;{}&#8221;][et_pb_row custom_padding_last_edited=&#8221;on|phone&#8221; _builder_version=&#8221;4.27.5&#8243; _module_preset=&#8221;default&#8221; background_image=&#8221;https:\/\/www.verbier4all.ch\/wp-content\/uploads\/2023\/04\/Commune-2-scaled.jpg&#8221; background_position=&#8221;top_center&#8221; background_vertical_offset=&#8221;30%&#8221; width=&#8221;100%&#8221; max_width=&#8221;1200px&#8221; custom_margin=&#8221;0px||||false|false&#8221; custom_margin_tablet=&#8221;0px||||false|false&#8221; custom_margin_phone=&#8221;100px||||false|false&#8221; custom_margin_last_edited=&#8221;on|phone&#8221; custom_padding=&#8221;400px||||false|false&#8221; custom_padding_tablet=&#8221;400px||||false|false&#8221; custom_padding_phone=&#8221;200px||||false|false&#8221; hover_enabled=&#8221;0&#8243; background_last_edited=&#8221;on|desktop&#8221; background_position_phone=&#8221;top_center&#8221; background_vertical_offset_phone=&#8221;-100%&#8221; global_colors_info=&#8221;{}&#8221; sticky_enabled=&#8221;0&#8243;][et_pb_column type=&#8221;4_4&#8243; _builder_version=&#8221;4.27.4&#8243; _module_preset=&#8221;default&#8221; global_colors_info=&#8221;{}&#8221;][\/et_pb_column][\/et_pb_row][et_pb_row _builder_version=&#8221;4.27.5&#8243; _module_preset=&#8221;default&#8221; custom_margin_tablet=&#8221;&#8221; custom_margin_phone=&#8221;25px||||false|false&#8221; custom_margin_last_edited=&#8221;on|desktop&#8221; global_colors_info=&#8221;{}&#8221;][et_pb_column type=&#8221;4_4&#8243; _builder_version=&#8221;4.27.4&#8243; _module_preset=&#8221;default&#8221; global_colors_info=&#8221;{}&#8221;][et_pb_heading title=&#8221;Verbier4All &#8211; promoting accessibility at the heart of Verbier&#8221; _builder_version=&#8221;4.27.4&#8243; _module_preset=&#8221;default&#8221; title_font=&#8221;|600|||||||&#8221; title_text_align=&#8221;center&#8221; global_colors_info=&#8221;{}&#8221;][\/et_pb_heading][et_pb_text _builder_version=&#8221;4.27.5&#8243; _module_preset=&#8221;default&#8221; text_font_size_tablet=&#8221;&#8221; text_font_size_phone=&#8221;14px&#8221; text_font_size_last_edited=&#8221;on|phone&#8221; global_colors_info=&#8221;{}&#8221;]<\/p>\n<p data-start=\"510\" data-end=\"764\">Verbier4All was established in 2019 through the collaboration of several passionate mountaineers: Val\u00e9rie Vaucher, Annick Mestre, Kathryn Adams, Olivier Voelin, Fran\u00e7ois de Borchgrave, and the Ski4All Wales team.<\/p>\n<p><\/p>\n<p style=\"text-align: justify;\" data-start=\"354\" data-end=\"725\"><br data-start=\"557\" data-end=\"560\" \/>En \u00e9changeant leurs exp\u00e9riences, ils ont r\u00e9alis\u00e9 qu\u2019ils partageaient la m\u00eame conviction : <strong data-start=\"655\" data-end=\"725\">la montagne doit \u00eatre accessible aux personnes \u00e0 mobilit\u00e9 r\u00e9duite. <\/strong>Ils ont alors d\u00e9cid\u00e9 d\u2019unir leurs comp\u00e9tences et leur \u00e9nergie pour cr\u00e9er une association permettant d\u2019ouvrir Verbier \u00e0 toutes et \u00e0 tous, sans exception.<\/p>\n<p>[\/et_pb_text][\/et_pb_column][\/et_pb_row][\/et_pb_section][et_pb_section fb_built=&#8221;1&#8243; prev_background_color=&#8221;#ffffff&#8221; next_background_color=&#8221;#ffffff&#8221; _builder_version=&#8221;4.27.4&#8243; _module_preset=&#8221;default&#8221; background_color=&#8221;#003F5A&#8221; top_divider_style=&#8221;slant&#8221; top_divider_height=&#8221;50px&#8221; bottom_divider_style=&#8221;slant&#8221; bottom_divider_height=&#8221;50px&#8221; global_colors_info=&#8221;{}&#8221;][et_pb_row _builder_version=&#8221;4.27.5&#8243; _module_preset=&#8221;default&#8221; custom_margin=&#8221;50px||50px||true|false&#8221; custom_margin_tablet=&#8221;50px||50px||true|false&#8221; custom_margin_phone=&#8221;25px||25px||true|false&#8221; custom_margin_last_edited=&#8221;on|phone&#8221; global_colors_info=&#8221;{}&#8221;][et_pb_column type=&#8221;4_4&#8243; _builder_version=&#8221;4.27.4&#8243; _module_preset=&#8221;default&#8221; global_colors_info=&#8221;{}&#8221;][et_pb_text _builder_version=&#8221;4.27.5&#8243; _module_preset=&#8221;default&#8221; header_text_color=&#8221;#FFFFFF&#8221; header_3_text_color=&#8221;#FFFFFF&#8221; custom_margin=&#8221;0px|50px|0px|50px|true|true&#8221; custom_margin_tablet=&#8221;0px|50px|0px|50px|true|true&#8221; custom_margin_phone=&#8221;0px|0px|0px|0px|true|true&#8221; custom_margin_last_edited=&#8221;on|phone&#8221; global_colors_info=&#8221;{}&#8221;]<\/p>\n<h3><em>The mountains give more than landscapes: they offer freedom, unforgettable experiences, wonder, and sometimes even healing. Verbier is alive with activities throughout the year, yet too many people miss out because of limited access to adapted gear or support.<\/em><\/h3>\n<p>[\/et_pb_text][\/et_pb_column][\/et_pb_row][\/et_pb_section][et_pb_section fb_built=&#8221;1&#8243; _builder_version=&#8221;4.27.4&#8243; _module_preset=&#8221;default&#8221; global_colors_info=&#8221;{}&#8221;][et_pb_row column_structure=&#8221;1_2,1_2&#8243; _builder_version=&#8221;4.27.5&#8243; _module_preset=&#8221;default&#8221; global_colors_info=&#8221;{}&#8221;][et_pb_column type=&#8221;1_2&#8243; _builder_version=&#8221;4.27.4&#8243; _module_preset=&#8221;default&#8221; global_colors_info=&#8221;{}&#8221;][et_pb_heading title=&#8221;Our mission&#8221; _builder_version=&#8221;4.27.5&#8243; _module_preset=&#8221;default&#8221; title_level=&#8221;h2&#8243; title_font=&#8221;|600|||||||&#8221; title_text_align=&#8221;left&#8221; custom_margin=&#8221;100px||0px||false|false&#8221; custom_margin_tablet=&#8221;100px||0px||false|false&#8221; custom_margin_phone=&#8221;0px||0px||false|false&#8221; custom_margin_last_edited=&#8221;on|phone&#8221; global_colors_info=&#8221;{}&#8221;][\/et_pb_heading][et_pb_text _builder_version=&#8221;4.27.5&#8243; _module_preset=&#8221;default&#8221; text_font_size_tablet=&#8221;&#8221; text_font_size_phone=&#8221;14px&#8221; text_font_size_last_edited=&#8221;on|phone&#8221; global_colors_info=&#8221;{}&#8221;]<\/p>\n<p data-start=\"473\" data-end=\"654\">Our goal is simple: <strong>to provide a complete set of adapted sports equipment, summer and winter, freely accessible to anyone with reduced mobility.<\/strong><\/p>\n<p><\/p>\n<p data-start=\"351\" data-end=\"456\">Mountain activities are proven to benefit health and well-being:<\/p>\n<p><\/p>\n<ul data-start=\"458\" data-end=\"559\">\n<li data-start=\"458\" data-end=\"493\">\n<p data-start=\"460\" data-end=\"493\">Better coordination and balance<\/p>\n<\/li>\n<li data-start=\"494\" data-end=\"514\">\n<p data-start=\"496\" data-end=\"514\">Stronger muscles<\/p>\n<\/li>\n<li data-start=\"515\" data-end=\"536\">\n<p data-start=\"517\" data-end=\"536\">Increased stamina<\/p>\n<\/li>\n<li data-start=\"537\" data-end=\"559\">\n<p data-start=\"539\" data-end=\"559\">A confidence boost<\/p>\n<\/li>\n<\/ul>\n<p><\/p>\n<p data-start=\"561\" data-end=\"634\">And above all, a mountain outing brings happiness to the entire family.<\/p>\n<p>[\/et_pb_text][\/et_pb_column][et_pb_column type=&#8221;1_2&#8243; _builder_version=&#8221;4.27.4&#8243; _module_preset=&#8221;default&#8221; global_colors_info=&#8221;{}&#8221;][et_pb_image src=&#8221;https:\/\/www.verbier4all.ch\/wp-content\/uploads\/2019\/11\/ada8f50f-947e-46c7-bc65-2c9dac8b66dc.jpg&#8221; alt=&#8221;Verbier4All Team&#8221; title_text=&#8221;ada8f50f-947e-46c7-bc65-2c9dac8b66dc&#8221; _builder_version=&#8221;4.27.4&#8243; _module_preset=&#8221;default&#8221; transform_scale=&#8221;75%|75%&#8221; global_colors_info=&#8221;{}&#8221;][\/et_pb_image][\/et_pb_column][\/et_pb_row][\/et_pb_section][et_pb_section fb_built=&#8221;1&#8243; _builder_version=&#8221;4.27.4&#8243; _module_preset=&#8221;default&#8221; background_color=&#8221;#003F5A&#8221; global_colors_info=&#8221;{}&#8221;][et_pb_row _builder_version=&#8221;4.27.4&#8243; _module_preset=&#8221;default&#8221; global_colors_info=&#8221;{}&#8221;][et_pb_column type=&#8221;4_4&#8243; _builder_version=&#8221;4.27.4&#8243; _module_preset=&#8221;default&#8221; global_colors_info=&#8221;{}&#8221;][et_pb_heading title=&#8221;Why does it matter?&#8221; _builder_version=&#8221;4.27.4&#8243; _module_preset=&#8221;default&#8221; title_level=&#8221;h2&#8243; title_font=&#8221;|700|||||||&#8221; title_text_align=&#8221;center&#8221; title_text_color=&#8221;#FAB826&#8243; global_colors_info=&#8221;{}&#8221;][\/et_pb_heading][et_pb_text _builder_version=&#8221;4.27.5&#8243; _module_preset=&#8221;default&#8221; text_text_color=&#8221;#FFFFFF&#8221; text_orientation=&#8221;justified&#8221; custom_padding=&#8221;|50px||50px|false|true&#8221; custom_padding_tablet=&#8221;|50px||50px|false|true&#8221; custom_padding_phone=&#8221;|0px||0px|false|true&#8221; custom_padding_last_edited=&#8221;on|phone&#8221; text_font_size_tablet=&#8221;&#8221; text_font_size_phone=&#8221;14px&#8221; text_font_size_last_edited=&#8221;on|phone&#8221; global_colors_info=&#8221;{}&#8221;]<\/p>\n<p data-start=\"886\" data-end=\"1165\">A lot of people wish to be more active, but sometimes the right support makes all the difference.<br data-start=\"1023\" data-end=\"1026\" \/>Whether due to a birth condition, an accident, illness, or simply age, we believe everyone can lead a dynamic life \u2014 with the right help.<\/p>\n<p><\/p>\n<p data-start=\"1167\" data-end=\"1323\">This certainty motivates our founders and volunteers: they\u2019ve seen extraordinary moments unfold and know just how transformative these experiences can be.<\/p>\n<p>[\/et_pb_text][\/et_pb_column][\/et_pb_row][\/et_pb_section][et_pb_section fb_built=&#8221;1&#8243; _builder_version=&#8221;4.27.4&#8243; _module_preset=&#8221;default&#8221; global_colors_info=&#8221;{}&#8221;][et_pb_row _builder_version=&#8221;4.27.4&#8243; _module_preset=&#8221;default&#8221; global_colors_info=&#8221;{}&#8221;][et_pb_column type=&#8221;4_4&#8243; _builder_version=&#8221;4.27.4&#8243; _module_preset=&#8221;default&#8221; global_colors_info=&#8221;{}&#8221;][et_pb_heading title=&#8221;Meet the Committee&#8221; _builder_version=&#8221;4.27.4&#8243; _module_preset=&#8221;default&#8221; title_level=&#8221;h2&#8243; title_font=&#8221;|700|||||||&#8221; title_text_align=&#8221;center&#8221; title_text_color=&#8221;#003F5A&#8221; global_colors_info=&#8221;{}&#8221;][\/et_pb_heading][\/et_pb_column][\/et_pb_row][et_pb_row column_structure=&#8221;1_5,1_5,1_5,1_5,1_5&#8243; _builder_version=&#8221;4.27.5&#8243; _module_preset=&#8221;default&#8221; width=&#8221;100%&#8221; custom_margin_tablet=&#8221;&#8221; custom_margin_phone=&#8221;|25px||25px|false|true&#8221; custom_margin_last_edited=&#8221;on|phone&#8221; global_colors_info=&#8221;{}&#8221;][et_pb_column type=&#8221;1_5&#8243; _builder_version=&#8221;4.27.4&#8243; _module_preset=&#8221;default&#8221; global_colors_info=&#8221;{}&#8221;][et_pb_team_member name=&#8221;Jean-Yves Michellod&#8221; position=&#8221;Patron&#8221; _builder_version=&#8221;4.27.5&#8243; _module_preset=&#8221;default&#8221; border_radii_image=&#8221;on|200px|200px|200px|200px&#8221; global_colors_info=&#8221;{}&#8221;][\/et_pb_team_member][\/et_pb_column][et_pb_column type=&#8221;1_5&#8243; _builder_version=&#8221;4.27.4&#8243; _module_preset=&#8221;default&#8221; global_colors_info=&#8221;{}&#8221;][et_pb_team_member name=&#8221;Val\u00e9rie Vaucher&#8221; position=&#8221;President&#8221; _builder_version=&#8221;4.27.4&#8243; _module_preset=&#8221;default&#8221; border_radii_image=&#8221;on|200px|200px|200px|200px&#8221; global_colors_info=&#8221;{}&#8221;][\/et_pb_team_member][\/et_pb_column][et_pb_column type=&#8221;1_5&#8243; _builder_version=&#8221;4.27.4&#8243; _module_preset=&#8221;default&#8221; global_colors_info=&#8221;{}&#8221;][et_pb_team_member name=&#8221;Annick Meystre&#8221; position=&#8221;Vice-president and technical Mmanager&#8221; _builder_version=&#8221;4.27.4&#8243; _module_preset=&#8221;default&#8221; border_radii_image=&#8221;on|200px|200px|200px|200px&#8221; global_colors_info=&#8221;{}&#8221;][\/et_pb_team_member][\/et_pb_column][et_pb_column type=&#8221;1_5&#8243; _builder_version=&#8221;4.27.4&#8243; _module_preset=&#8221;default&#8221; global_colors_info=&#8221;{}&#8221;][et_pb_team_member name=&#8221;Jean-Victor Brochoud &#8221; position=&#8221;Volunteer Coordinator&#8221; _builder_version=&#8221;4.27.4&#8243; _module_preset=&#8221;default&#8221; border_radii_image=&#8221;on|500px|500px|500px|500px&#8221; global_colors_info=&#8221;{}&#8221;][\/et_pb_team_member][\/et_pb_column][et_pb_column type=&#8221;1_5&#8243; _builder_version=&#8221;4.27.4&#8243; _module_preset=&#8221;default&#8221; global_colors_info=&#8221;{}&#8221;][et_pb_team_member name=&#8221;G\u00e9raud de Borchgrave&#8221; position=&#8221;Fundraising Manager&#8221; _builder_version=&#8221;4.27.4&#8243; _module_preset=&#8221;default&#8221; border_radii_image=&#8221;on|200px|200px|200px|200px&#8221; global_colors_info=&#8221;{}&#8221;][\/et_pb_team_member][\/et_pb_column][\/et_pb_row][et_pb_row column_structure=&#8221;1_5,1_5,1_5,1_5,1_5&#8243; _builder_version=&#8221;4.27.5&#8243; _module_preset=&#8221;default&#8221; width=&#8221;100%&#8221; custom_margin_tablet=&#8221;&#8221; custom_margin_phone=&#8221;25px|25px||25px|false|true&#8221; custom_margin_last_edited=&#8221;on|phone&#8221; global_colors_info=&#8221;{}&#8221;][et_pb_column type=&#8221;1_5&#8243; _builder_version=&#8221;4.27.4&#8243; _module_preset=&#8221;default&#8221; global_colors_info=&#8221;{}&#8221;][et_pb_team_member name=&#8221;Leila Vaucher&#8221; position=&#8221;Administrative Secretary&#8221; _builder_version=&#8221;4.27.4&#8243; _module_preset=&#8221;default&#8221; border_radii_image=&#8221;on|200px|200px|200px|200px&#8221; global_colors_info=&#8221;{}&#8221;][\/et_pb_team_member][\/et_pb_column][et_pb_column type=&#8221;1_5&#8243; _builder_version=&#8221;4.27.4&#8243; _module_preset=&#8221;default&#8221; global_colors_info=&#8221;{}&#8221;][et_pb_team_member name=&#8221;Margot Roy&#8221; position=&#8221;Administrative Secretary&#8221; _builder_version=&#8221;4.27.4&#8243; _module_preset=&#8221;default&#8221; border_radii_image=&#8221;on|200px|200px|200px|200px&#8221; global_colors_info=&#8221;{}&#8221;][\/et_pb_team_member][\/et_pb_column][et_pb_column type=&#8221;1_5&#8243; _builder_version=&#8221;4.27.4&#8243; _module_preset=&#8221;default&#8221; global_colors_info=&#8221;{}&#8221;][et_pb_team_member name=&#8221;M\u00e9lanie Mento&#8221; position=&#8221;Treasurer&#8221; _builder_version=&#8221;4.27.4&#8243; _module_preset=&#8221;default&#8221; border_radii_image=&#8221;on|200px|200px|200px|200px&#8221; global_colors_info=&#8221;{}&#8221;][\/et_pb_team_member][\/et_pb_column][et_pb_column type=&#8221;1_5&#8243; _builder_version=&#8221;4.27.4&#8243; _module_preset=&#8221;default&#8221; global_colors_info=&#8221;{}&#8221;][et_pb_team_member name=&#8221;Bethan Drinkall&#8221; position=&#8221;Board Member&#8221; _builder_version=&#8221;4.27.4&#8243; _module_preset=&#8221;default&#8221; border_radii_image=&#8221;on|200px|200px|200px|200px&#8221; global_colors_info=&#8221;{}&#8221;][\/et_pb_team_member][\/et_pb_column][et_pb_column type=&#8221;1_5&#8243; _builder_version=&#8221;4.27.4&#8243; _module_preset=&#8221;default&#8221; global_colors_info=&#8221;{}&#8221;][et_pb_team_member name=&#8221;Fran\u00e7ois de Borchgrave&#8221; position=&#8221;Board Member&#8221; _builder_version=&#8221;4.27.4&#8243; _module_preset=&#8221;default&#8221; border_radii_image=&#8221;on|200px|200px|200px|200px&#8221; global_colors_info=&#8221;{}&#8221;][\/et_pb_team_member][\/et_pb_column][\/et_pb_row][\/et_pb_section][et_pb_section fb_built=&#8221;1&#8243; _builder_version=&#8221;4.27.4&#8243; _module_preset=&#8221;default&#8221; background_color=&#8221;#003F5A&#8221; global_colors_info=&#8221;{}&#8221;][et_pb_row _builder_version=&#8221;4.27.4&#8243; _module_preset=&#8221;default&#8221; global_colors_info=&#8221;{}&#8221;][et_pb_column type=&#8221;4_4&#8243; _builder_version=&#8221;4.27.4&#8243; _module_preset=&#8221;default&#8221; global_colors_info=&#8221;{}&#8221;][et_pb_heading title=&#8221;Interested in finding out more?&#8221; _builder_version=&#8221;4.27.4&#8243; _module_preset=&#8221;default&#8221; title_level=&#8221;h2&#8243; title_font=&#8221;|700|||||||&#8221; title_text_align=&#8221;center&#8221; title_text_color=&#8221;#FAB826&#8243; global_colors_info=&#8221;{}&#8221;][\/et_pb_heading][et_pb_button button_text=&#8221;Get in touch !&#8221; button_alignment=&#8221;center&#8221; _builder_version=&#8221;4.27.4&#8243; _module_preset=&#8221;default&#8221; custom_button=&#8221;on&#8221; button_text_color=&#8221;#003F5A&#8221; button_bg_color=&#8221;#FFFFFF&#8221; background_layout=&#8221;dark&#8221; global_colors_info=&#8221;{}&#8221;][\/et_pb_button][\/et_pb_column][\/et_pb_row][\/et_pb_section]<\/p>\n","protected":false},"excerpt":{"rendered":"<p>Verbier4All was established in 2019 through the collaboration of several passionate mountaineers: Val\u00e9rie Vaucher, Annick Mestre, Kathryn Adams, Olivier Voelin, Fran\u00e7ois de Borchgrave, and the Ski4All Wales team.En \u00e9changeant leurs exp\u00e9riences, ils ont r\u00e9alis\u00e9 qu\u2019ils partageaient la m\u00eame conviction : la montagne doit \u00eatre accessible aux personnes \u00e0 mobilit\u00e9 r\u00e9duite. Ils ont alors d\u00e9cid\u00e9 d\u2019unir [&hellip;]<\/p>\n","protected":false},"author":1,"featured_media":0,"parent":0,"menu_order":0,"comment_status":"closed","ping_status":"closed","template":"","meta":{"_et_pb_use_builder":"on","_et_pb_old_content":"","_et_gb_content_width":"","footnotes":""},"class_list":["post-418","page","type-page","status-publish","hentry"],"yoast_head":"<!-- This site is optimized with the Yoast SEO plugin v27.1.1 - https:\/\/yoast.com\/product\/yoast-seo-wordpress\/ -->\n<title>Association - Verbier4All<\/title>\n<meta name=\"robots\" content=\"index, follow, max-snippet:-1, max-image-preview:large, max-video-preview:-1\" \/>\n<link rel=\"canonical\" href=\"https:\/\/www.verbier4all.ch\/en\/association\/\" \/>\n<meta property=\"og:locale\" content=\"en_US\" \/>\n<meta property=\"og:type\" content=\"article\" \/>\n<meta property=\"og:title\" content=\"Association - Verbier4All\" \/>\n<meta property=\"og:description\" content=\"Photo credit - D\u00e9fisport AssociationPhoto credit - Jansci HadikWhile this page is being built, we are busy fundraising Verbier4All is a newly-formed charitable, non-profit making association which aims to make Verbier and the mountains that surround it a reference for accessibility and adaptive activities. By providing access to the necessary equipment and trained \u2018buddies\u2019, by [&hellip;]\" \/>\n<meta property=\"og:url\" content=\"https:\/\/www.verbier4all.ch\/en\/association\/\" \/>\n<meta property=\"og:site_name\" content=\"Verbier4All\" \/>\n<meta property=\"article:publisher\" content=\"https:\/\/www.facebook.com\/verbier4all\/\" \/>\n<meta property=\"article:modified_time\" content=\"2025-12-15T15:48:31+00:00\" \/>\n<meta name=\"twitter:card\" content=\"summary_large_image\" \/>\n<meta name=\"twitter:label1\" content=\"Est. reading time\" \/>\n\t<meta name=\"twitter:data1\" content=\"9 minutes\" \/>\n<script type=\"application\/ld+json\" class=\"yoast-schema-graph\">{\"@context\":\"https:\/\/schema.org\",\"@graph\":[{\"@type\":\"WebPage\",\"@id\":\"https:\/\/www.verbier4all.ch\/en\/association\/\",\"url\":\"https:\/\/www.verbier4all.ch\/en\/association\/\",\"name\":\"Association - Verbier4All\",\"isPartOf\":{\"@id\":\"https:\/\/www.verbier4all.ch\/en\/#website\"},\"datePublished\":\"2019-11-15T09:43:10+00:00\",\"dateModified\":\"2025-12-15T15:48:31+00:00\",\"breadcrumb\":{\"@id\":\"https:\/\/www.verbier4all.ch\/en\/association\/#breadcrumb\"},\"inLanguage\":\"en-US\",\"potentialAction\":[{\"@type\":\"ReadAction\",\"target\":[\"https:\/\/www.verbier4all.ch\/en\/association\/\"]}]},{\"@type\":\"BreadcrumbList\",\"@id\":\"https:\/\/www.verbier4all.ch\/en\/association\/#breadcrumb\",\"itemListElement\":[{\"@type\":\"ListItem\",\"position\":1,\"name\":\"Accueil\",\"item\":\"https:\/\/www.verbier4all.ch\/en\/\"},{\"@type\":\"ListItem\",\"position\":2,\"name\":\"Association\"}]},{\"@type\":\"WebSite\",\"@id\":\"https:\/\/www.verbier4all.ch\/en\/#website\",\"url\":\"https:\/\/www.verbier4all.ch\/en\/\",\"name\":\"Verbier4All\",\"description\":\"L&#039;accessibilit\u00e9 pour tous au c\u0153ur de Verbier\",\"publisher\":{\"@id\":\"https:\/\/www.verbier4all.ch\/en\/#organization\"},\"potentialAction\":[{\"@type\":\"SearchAction\",\"target\":{\"@type\":\"EntryPoint\",\"urlTemplate\":\"https:\/\/www.verbier4all.ch\/en\/?s={search_term_string}\"},\"query-input\":{\"@type\":\"PropertyValueSpecification\",\"valueRequired\":true,\"valueName\":\"search_term_string\"}}],\"inLanguage\":\"en-US\"},{\"@type\":\"Organization\",\"@id\":\"https:\/\/www.verbier4all.ch\/en\/#organization\",\"name\":\"Verbier4All\",\"url\":\"https:\/\/www.verbier4all.ch\/en\/\",\"logo\":{\"@type\":\"ImageObject\",\"inLanguage\":\"en-US\",\"@id\":\"https:\/\/www.verbier4all.ch\/en\/#\/schema\/logo\/image\/\",\"url\":\"https:\/\/www.verbier4all.ch\/wp-content\/uploads\/2019\/11\/Verbier4All-main-logo.png\",\"contentUrl\":\"https:\/\/www.verbier4all.ch\/wp-content\/uploads\/2019\/11\/Verbier4All-main-logo.png\",\"width\":1726,\"height\":2560,\"caption\":\"Verbier4All\"},\"image\":{\"@id\":\"https:\/\/www.verbier4all.ch\/en\/#\/schema\/logo\/image\/\"},\"sameAs\":[\"https:\/\/www.facebook.com\/verbier4all\/\",\"https:\/\/www.instagram.com\/verbier4all\/\"]}]}<\/script>\n<!-- \/ Yoast SEO plugin. -->","yoast_head_json":{"title":"Association - Verbier4All","robots":{"index":"index","follow":"follow","max-snippet":"max-snippet:-1","max-image-preview":"max-image-preview:large","max-video-preview":"max-video-preview:-1"},"canonical":"https:\/\/www.verbier4all.ch\/en\/association\/","og_locale":"en_US","og_type":"article","og_title":"Association - Verbier4All","og_description":"Photo credit - D\u00e9fisport AssociationPhoto credit - Jansci HadikWhile this page is being built, we are busy fundraising Verbier4All is a newly-formed charitable, non-profit making association which aims to make Verbier and the mountains that surround it a reference for accessibility and adaptive activities. By providing access to the necessary equipment and trained \u2018buddies\u2019, by [&hellip;]","og_url":"https:\/\/www.verbier4all.ch\/en\/association\/","og_site_name":"Verbier4All","article_publisher":"https:\/\/www.facebook.com\/verbier4all\/","article_modified_time":"2025-12-15T15:48:31+00:00","twitter_card":"summary_large_image","twitter_misc":{"Est. reading time":"9 minutes"},"schema":{"@context":"https:\/\/schema.org","@graph":[{"@type":"WebPage","@id":"https:\/\/www.verbier4all.ch\/en\/association\/","url":"https:\/\/www.verbier4all.ch\/en\/association\/","name":"Association - Verbier4All","isPartOf":{"@id":"https:\/\/www.verbier4all.ch\/en\/#website"},"datePublished":"2019-11-15T09:43:10+00:00","dateModified":"2025-12-15T15:48:31+00:00","breadcrumb":{"@id":"https:\/\/www.verbier4all.ch\/en\/association\/#breadcrumb"},"inLanguage":"en-US","potentialAction":[{"@type":"ReadAction","target":["https:\/\/www.verbier4all.ch\/en\/association\/"]}]},{"@type":"BreadcrumbList","@id":"https:\/\/www.verbier4all.ch\/en\/association\/#breadcrumb","itemListElement":[{"@type":"ListItem","position":1,"name":"Accueil","item":"https:\/\/www.verbier4all.ch\/en\/"},{"@type":"ListItem","position":2,"name":"Association"}]},{"@type":"WebSite","@id":"https:\/\/www.verbier4all.ch\/en\/#website","url":"https:\/\/www.verbier4all.ch\/en\/","name":"Verbier4All","description":"L&#039;accessibilit\u00e9 pour tous au c\u0153ur de Verbier","publisher":{"@id":"https:\/\/www.verbier4all.ch\/en\/#organization"},"potentialAction":[{"@type":"SearchAction","target":{"@type":"EntryPoint","urlTemplate":"https:\/\/www.verbier4all.ch\/en\/?s={search_term_string}"},"query-input":{"@type":"PropertyValueSpecification","valueRequired":true,"valueName":"search_term_string"}}],"inLanguage":"en-US"},{"@type":"Organization","@id":"https:\/\/www.verbier4all.ch\/en\/#organization","name":"Verbier4All","url":"https:\/\/www.verbier4all.ch\/en\/","logo":{"@type":"ImageObject","inLanguage":"en-US","@id":"https:\/\/www.verbier4all.ch\/en\/#\/schema\/logo\/image\/","url":"https:\/\/www.verbier4all.ch\/wp-content\/uploads\/2019\/11\/Verbier4All-main-logo.png","contentUrl":"https:\/\/www.verbier4all.ch\/wp-content\/uploads\/2019\/11\/Verbier4All-main-logo.png","width":1726,"height":2560,"caption":"Verbier4All"},"image":{"@id":"https:\/\/www.verbier4all.ch\/en\/#\/schema\/logo\/image\/"},"sameAs":["https:\/\/www.facebook.com\/verbier4all\/","https:\/\/www.instagram.com\/verbier4all\/"]}]}},"_links":{"self":[{"href":"https:\/\/www.verbier4all.ch\/en\/wp-json\/wp\/v2\/pages\/418","targetHints":{"allow":["GET"]}}],"collection":[{"href":"https:\/\/www.verbier4all.ch\/en\/wp-json\/wp\/v2\/pages"}],"about":[{"href":"https:\/\/www.verbier4all.ch\/en\/wp-json\/wp\/v2\/types\/page"}],"author":[{"embeddable":true,"href":"https:\/\/www.verbier4all.ch\/en\/wp-json\/wp\/v2\/users\/1"}],"replies":[{"embeddable":true,"href":"https:\/\/www.verbier4all.ch\/en\/wp-json\/wp\/v2\/comments?post=418"}],"version-history":[{"count":80,"href":"https:\/\/www.verbier4all.ch\/en\/wp-json\/wp\/v2\/pages\/418\/revisions"}],"predecessor-version":[{"id":2350,"href":"https:\/\/www.verbier4all.ch\/en\/wp-json\/wp\/v2\/pages\/418\/revisions\/2350"}],"wp:attachment":[{"href":"https:\/\/www.verbier4all.ch\/en\/wp-json\/wp\/v2\/media?parent=418"}],"curies":[{"name":"wp","href":"https:\/\/api.w.org\/{rel}","templated":true}]}}